{"id":1532,"date":"2020-01-15T22:07:35","date_gmt":"2020-01-15T21:07:35","guid":{"rendered":"http:\/\/asso-lejedeletre.com\/?page_id=1532"},"modified":"2023-05-04T16:59:30","modified_gmt":"2023-05-04T14:59:30","slug":"les-intervenants","status":"publish","type":"page","link":"https:\/\/www.latelierraphael.fr\/index.php\/les-intervenants\/","title":{"rendered":"Les intervenantes"},"content":{"rendered":"\t\t<div data-elementor-type=\"wp-page\" data-elementor-id=\"1532\" class=\"elementor elementor-1532\" data-elementor-settings=\"[]\">\n\t\t\t\t\t\t<div class=\"elementor-inner\">\n\t\t\t\t\t\t\t<div class=\"elementor-section-wrap\">\n\t\t\t\t\t\t\t<section class=\"elementor-section elementor-top-section elementor-element elementor-element-bc36698 elementor-section-full_width elementor-section-height-default elementor-section-height-default\" data-id=\"bc36698\" data-element_type=\"section\">\n\t\t\t\t\t\t<div class=\"elementor-container elementor-column-gap-default\">\n\t\t\t\t\t\t\t<div class=\"elementor-row\">\n\t\t\t\t\t<div class=\"elementor-column elementor-col-50 elementor-top-column elementor-element elementor-element-2e93f5c\" data-id=\"2e93f5c\" data-element_type=\"column\">\n\t\t\t<div class=\"elementor-column-wrap elementor-element-populated\">\n\t\t\t\t\t\t\t<div class=\"elementor-widget-wrap\">\n\t\t\t\t\t\t<div class=\"elementor-element elementor-element-2627b47 elementor-hidden-phone elementor-widget elementor-widget-image\" data-id=\"2627b47\" data-element_type=\"widget\" data-widget_type=\"image.default\">\n\t\t\t\t<div class=\"elementor-widget-container\">\n\t\t\t\t\t<div class=\"elementor-image\">\n\t\t\t\t\t\t\t\t\t\t<img width=\"222\" height=\"300\" src=\"https:\/\/www.latelierraphael.fr\/wp-content\/uploads\/2023\/05\/Catherine-Bonneval-222x300.jpg\" class=\"attachment-medium size-medium\" alt=\"\" loading=\"lazy\" srcset=\"https:\/\/www.latelierraphael.fr\/wp-content\/uploads\/2023\/05\/Catherine-Bonneval-222x300.jpg 222w, https:\/\/www.latelierraphael.fr\/wp-content\/uploads\/2023\/05\/Catherine-Bonneval-758x1024.jpg 758w, https:\/\/www.latelierraphael.fr\/wp-content\/uploads\/2023\/05\/Catherine-Bonneval-768x1037.jpg 768w, https:\/\/www.latelierraphael.fr\/wp-content\/uploads\/2023\/05\/Catherine-Bonneval.jpg 784w\" sizes=\"(max-width: 222px) 100vw, 222px\" \/>\t\t\t\t\t\t\t\t\t\t\t<\/div>\n\t\t\t\t<\/div>\n\t\t\t\t<\/div>\n\t\t\t\t\t\t<\/div>\n\t\t\t\t\t<\/div>\n\t\t<\/div>\n\t\t\t\t<div class=\"elementor-column elementor-col-50 elementor-top-column elementor-element elementor-element-a556a98\" data-id=\"a556a98\" data-element_type=\"column\">\n\t\t\t<div class=\"elementor-column-wrap elementor-element-populated\">\n\t\t\t\t\t\t\t<div class=\"elementor-widget-wrap\">\n\t\t\t\t\t\t<div class=\"elementor-element elementor-element-524e3cc elementor-widget elementor-widget-heading\" data-id=\"524e3cc\" data-element_type=\"widget\" data-widget_type=\"heading.default\">\n\t\t\t\t<div class=\"elementor-widget-container\">\n\t\t\t<h2 class=\"elementor-heading-title elementor-size-default\">R\u00e9f\u00e9rente p\u00e9dagogique et formatrice principale<\/h2>\t\t<\/div>\n\t\t\t\t<\/div>\n\t\t\t\t<div class=\"elementor-element elementor-element-c8d1cfc elementor-widget elementor-widget-text-editor\" data-id=\"c8d1cfc\" data-element_type=\"widget\" data-widget_type=\"text-editor.default\">\n\t\t\t\t<div class=\"elementor-widget-container\">\n\t\t\t\t\t<div class=\"elementor-text-editor elementor-clearfix\"><p>Catherine Bonneval : art-th\u00e9rapeute, formatrice et superviseur<\/p><\/div>\n\t\t\t\t<\/div>\n\t\t\t\t<\/div>\n\t\t\t\t<div class=\"elementor-element elementor-element-19e27ab elementor-widget elementor-widget-text-editor\" data-id=\"19e27ab\" data-element_type=\"widget\" data-widget_type=\"text-editor.default\">\n\t\t\t\t<div class=\"elementor-widget-container\">\n\t\t\t\t\t<div class=\"elementor-text-editor elementor-clearfix\"><div data-packed=\"true\"><p>Form\u00e9e il y a une vingtaine d&rsquo;ann\u00e9es par Mich\u00e8le Belliard-Staikovski \u00e0 la m\u00e9thode de peinture th\u00e9rapeutique de Margarethe Hauschka, Catherine a anim\u00e9 durant 15 ans des ateliers hebdomadaires sur Toulouse et sa r\u00e9gion, et propose depuis plusieurs ann\u00e9es des ateliers sur Clermond Ferrand et Riom.<\/p><p>Elle a elle-m\u00eame encourag\u00e9 certaines personnes \u00e0 se former et les a accompagn\u00e9es dans ce projet. <a href=\"http:\/\/www.atelier-lejedeletre.com\" target=\"_blank\" rel=\"noopener\">Son atelier<\/a> a longtemps \u00e9t\u00e9 un lieu d\u2019accueil pour les stagiaires en formation.<\/p><\/div><div data-packed=\"true\">Depuis une dizaine d&rsquo;ann\u00e9es, elle anime \u00e9galement des cycles d&rsquo;approfondissement (stages en week ends) qui conjuguent apports th\u00e9oriques et pratique artistique, ainsi que des temps de supervision pour des art-th\u00e9rapeutes en activit\u00e9. <\/div><\/div>\n\t\t\t\t<\/div>\n\t\t\t\t<\/div>\n\t\t\t\t<div class=\"elementor-element elementor-element-35cea8c elementor-hidden-desktop elementor-hidden-tablet elementor-widget elementor-widget-image\" data-id=\"35cea8c\" data-element_type=\"widget\" data-widget_type=\"image.default\">\n\t\t\t\t<div class=\"elementor-widget-container\">\n\t\t\t\t\t<div class=\"elementor-image\">\n\t\t\t\t\t\t\t\t\t\t<img width=\"222\" height=\"300\" src=\"https:\/\/www.latelierraphael.fr\/wp-content\/uploads\/2023\/05\/Catherine-Bonneval-222x300.jpg\" class=\"attachment-medium size-medium\" alt=\"\" loading=\"lazy\" srcset=\"https:\/\/www.latelierraphael.fr\/wp-content\/uploads\/2023\/05\/Catherine-Bonneval-222x300.jpg 222w, https:\/\/www.latelierraphael.fr\/wp-content\/uploads\/2023\/05\/Catherine-Bonneval-758x1024.jpg 758w, https:\/\/www.latelierraphael.fr\/wp-content\/uploads\/2023\/05\/Catherine-Bonneval-768x1037.jpg 768w, https:\/\/www.latelierraphael.fr\/wp-content\/uploads\/2023\/05\/Catherine-Bonneval.jpg 784w\" sizes=\"(max-width: 222px) 100vw, 222px\" \/>\t\t\t\t\t\t\t\t\t\t\t<\/div>\n\t\t\t\t<\/div>\n\t\t\t\t<\/div>\n\t\t\t\t<div class=\"elementor-element elementor-element-da1fa61 elementor-hidden-desktop elementor-hidden-tablet elementor-widget elementor-widget-spacer\" data-id=\"da1fa61\" data-element_type=\"widget\" data-widget_type=\"spacer.default\">\n\t\t\t\t<div class=\"elementor-widget-container\">\n\t\t\t\t\t<div class=\"elementor-spacer\">\n\t\t\t<div class=\"elementor-spacer-inner\"><\/div>\n\t\t<\/div>\n\t\t\t\t<\/div>\n\t\t\t\t<\/div>\n\t\t\t\t\t\t<\/div>\n\t\t\t\t\t<\/div>\n\t\t<\/div>\n\t\t\t\t\t\t\t\t<\/div>\n\t\t\t\t\t<\/div>\n\t\t<\/section>\n\t\t\t\t<section class=\"elementor-section elementor-top-section elementor-element elementor-element-dc31cd8 elementor-section-full_width elementor-section-height-default elementor-section-height-default\" data-id=\"dc31cd8\" data-element_type=\"section\">\n\t\t\t\t\t\t<div class=\"elementor-container elementor-column-gap-default\">\n\t\t\t\t\t\t\t<div class=\"elementor-row\">\n\t\t\t\t\t<div class=\"elementor-column elementor-col-50 elementor-top-column elementor-element elementor-element-c1ef389\" data-id=\"c1ef389\" data-element_type=\"column\">\n\t\t\t<div class=\"elementor-column-wrap elementor-element-populated\">\n\t\t\t\t\t\t\t<div class=\"elementor-widget-wrap\">\n\t\t\t\t\t\t<div class=\"elementor-element elementor-element-7daddbb elementor-widget elementor-widget-heading\" data-id=\"7daddbb\" data-element_type=\"widget\" data-widget_type=\"heading.default\">\n\t\t\t\t<div class=\"elementor-widget-container\">\n\t\t\t<h2 class=\"elementor-heading-title elementor-size-default\">Les autres formatrices<\/h2>\t\t<\/div>\n\t\t\t\t<\/div>\n\t\t\t\t<div class=\"elementor-element elementor-element-1db77fb elementor-widget elementor-widget-text-editor\" data-id=\"1db77fb\" data-element_type=\"widget\" data-widget_type=\"text-editor.default\">\n\t\t\t\t<div class=\"elementor-widget-container\">\n\t\t\t\t\t<div class=\"elementor-text-editor elementor-clearfix\"><p>V\u00e9ronique Marcombes : peinture et dessin de formes<\/p><\/div>\n\t\t\t\t<\/div>\n\t\t\t\t<\/div>\n\t\t\t\t<div class=\"elementor-element elementor-element-d056bc6 elementor-widget elementor-widget-text-editor\" data-id=\"d056bc6\" data-element_type=\"widget\" data-widget_type=\"text-editor.default\">\n\t\t\t\t<div class=\"elementor-widget-container\">\n\t\t\t\t\t<div class=\"elementor-text-editor elementor-clearfix\"><p>En 2012, l\u2019art-th\u00e9rapie a pris place dans la vie de V\u00e9ronique \u00e0 la suite d\u2019un parcours professionnel \u00e9volutif dans des domaines tels que le social, le d\u00e9veloppement durable, l&rsquo;animation, l&rsquo;artistique, le param\u00e9dical et le bien-\u00eatre\u00a0; o\u00f9 l\u2019accompagnement et le d\u00e9veloppement de la personne sont rest\u00e9s au centre de son attention.<\/p><p>Riche de cette diversit\u00e9 et dipl\u00f4m\u00e9e de la Formation Mich\u00e8le Belliard-Staikovski, V\u00e9ronique a d\u2019abord exerc\u00e9 le m\u00e9tier d\u2019art-th\u00e9rapeute en instituts psychiatrique en 2015, avant faire le choix de d\u00e9velopper <a href=\"http:\/\/www.lescouleursdelavie.net\" target=\"_blank\" rel=\"noopener\">ses propres ateliers<\/a> \u00e0 La R\u00e9union et d\u00e9sormais \u00e0 Nice.<\/p><p>Depuis 2019, \u00a0elle a rejoint l\u2019\u00e9quipe p\u00e9dagogique de la formation au sein de laquelle elle encadre des temps de peinture et anime les cours de dessin de formes<\/p><\/div>\n\t\t\t\t<\/div>\n\t\t\t\t<\/div>\n\t\t\t\t\t\t<\/div>\n\t\t\t\t\t<\/div>\n\t\t<\/div>\n\t\t\t\t<div class=\"elementor-column elementor-col-50 elementor-top-column elementor-element elementor-element-ce42f5a\" data-id=\"ce42f5a\" data-element_type=\"column\">\n\t\t\t<div class=\"elementor-column-wrap elementor-element-populated\">\n\t\t\t\t\t\t\t<div class=\"elementor-widget-wrap\">\n\t\t\t\t\t\t<div class=\"elementor-element elementor-element-482bf3b elementor-widget elementor-widget-image\" data-id=\"482bf3b\" data-element_type=\"widget\" data-widget_type=\"image.default\">\n\t\t\t\t<div class=\"elementor-widget-container\">\n\t\t\t\t\t<div class=\"elementor-image\">\n\t\t\t\t\t\t\t\t\t\t<img width=\"224\" height=\"300\" src=\"https:\/\/www.latelierraphael.fr\/wp-content\/uploads\/2020\/12\/IMG_2647-224x300.jpg\" class=\"attachment-medium size-medium\" alt=\"\" loading=\"lazy\" srcset=\"https:\/\/www.latelierraphael.fr\/wp-content\/uploads\/2020\/12\/IMG_2647-224x300.jpg 224w, https:\/\/www.latelierraphael.fr\/wp-content\/uploads\/2020\/12\/IMG_2647-765x1024.jpg 765w, https:\/\/www.latelierraphael.fr\/wp-content\/uploads\/2020\/12\/IMG_2647-768x1028.jpg 768w, https:\/\/www.latelierraphael.fr\/wp-content\/uploads\/2020\/12\/IMG_2647-1147x1536.jpg 1147w, https:\/\/www.latelierraphael.fr\/wp-content\/uploads\/2020\/12\/IMG_2647-1530x2048.jpg 1530w, https:\/\/www.latelierraphael.fr\/wp-content\/uploads\/2020\/12\/IMG_2647-scaled.jpg 1912w\" sizes=\"(max-width: 224px) 100vw, 224px\" \/>\t\t\t\t\t\t\t\t\t\t\t<\/div>\n\t\t\t\t<\/div>\n\t\t\t\t<\/div>\n\t\t\t\t\t\t<\/div>\n\t\t\t\t\t<\/div>\n\t\t<\/div>\n\t\t\t\t\t\t\t\t<\/div>\n\t\t\t\t\t<\/div>\n\t\t<\/section>\n\t\t\t\t<section class=\"elementor-section elementor-top-section elementor-element elementor-element-2f98b01 elementor-section-full_width elementor-section-height-default elementor-section-height-default\" data-id=\"2f98b01\" data-element_type=\"section\">\n\t\t\t\t\t\t<div class=\"elementor-container elementor-column-gap-default\">\n\t\t\t\t\t\t\t<div class=\"elementor-row\">\n\t\t\t\t\t<div class=\"elementor-column elementor-col-66 elementor-top-column elementor-element elementor-element-436ea51\" data-id=\"436ea51\" data-element_type=\"column\">\n\t\t\t<div class=\"elementor-column-wrap elementor-element-populated\">\n\t\t\t\t\t\t\t<div class=\"elementor-widget-wrap\">\n\t\t\t\t\t\t<div class=\"elementor-element elementor-element-256642e elementor-widget elementor-widget-text-editor\" data-id=\"256642e\" data-element_type=\"widget\" data-widget_type=\"text-editor.default\">\n\t\t\t\t<div class=\"elementor-widget-container\">\n\t\t\t\t\t<div class=\"elementor-text-editor elementor-clearfix\"><p>St\u00e9phanie Tissandier : peinture et modelage<\/p><\/div>\n\t\t\t\t<\/div>\n\t\t\t\t<\/div>\n\t\t\t\t<div class=\"elementor-element elementor-element-fe10780 elementor-widget elementor-widget-text-editor\" data-id=\"fe10780\" data-element_type=\"widget\" data-widget_type=\"text-editor.default\">\n\t\t\t\t<div class=\"elementor-widget-container\">\n\t\t\t\t\t<div class=\"elementor-text-editor elementor-clearfix\"><p><span style=\"font-family: Montserrat; font-size: 16px; font-style: normal; font-variant-ligatures: normal; font-variant-caps: normal; font-weight: 500;\">Depuis sa rencontre avec les couleurs et la feuille de papier mouill\u00e9, St\u00e9phanie se sent accompagn\u00e9e sur son chemin.\u00a0<\/span>Dipl\u00f4m\u00e9e de la formation d\u2019art-th\u00e9rapie de Mich\u00e8le Belliard-Staikovski, elle anime avec enthousiasme des <a href=\"https:\/\/www.facebook.com\/feuille.desoi.3\" target=\"_blank\" rel=\"noopener\">ateliers hebdomadaires<\/a> sur Toulouse, Moissac et Montauban ainsi que des stages de peinture et de modelage en week end. Aupr\u00e8s d&rsquo;elle, c<span style=\"font-family: Montserrat; font-size: 16px; font-style: normal; font-variant-ligatures: normal; font-variant-caps: normal; font-weight: 500;\">haque personne vient prendre les choses en main, se nourrir de sens, faire des choix, toucher et se laisser toucher par le sens de la vie&#8230;<\/span><\/p><p>Au sein de L&rsquo;Atelier Rapha\u00ebl, elle anime des temps de peinture et offre des apports th\u00e9oriques et pratiques en modelage.<\/p><\/div>\n\t\t\t\t<\/div>\n\t\t\t\t<\/div>\n\t\t\t\t<div class=\"elementor-element elementor-element-3d3a5c1 elementor-hidden-phone elementor-widget elementor-widget-spacer\" data-id=\"3d3a5c1\" data-element_type=\"widget\" data-widget_type=\"spacer.default\">\n\t\t\t\t<div class=\"elementor-widget-container\">\n\t\t\t\t\t<div class=\"elementor-spacer\">\n\t\t\t<div class=\"elementor-spacer-inner\"><\/div>\n\t\t<\/div>\n\t\t\t\t<\/div>\n\t\t\t\t<\/div>\n\t\t\t\t\t\t<\/div>\n\t\t\t\t\t<\/div>\n\t\t<\/div>\n\t\t\t\t<div class=\"elementor-column elementor-col-33 elementor-top-column elementor-element elementor-element-e016b06\" data-id=\"e016b06\" data-element_type=\"column\">\n\t\t\t<div class=\"elementor-column-wrap elementor-element-populated\">\n\t\t\t\t\t\t\t<div class=\"elementor-widget-wrap\">\n\t\t\t\t\t\t<div class=\"elementor-element elementor-element-26d6fac elementor-widget elementor-widget-image\" data-id=\"26d6fac\" data-element_type=\"widget\" data-widget_type=\"image.default\">\n\t\t\t\t<div class=\"elementor-widget-container\">\n\t\t\t\t\t<div class=\"elementor-image\">\n\t\t\t\t\t\t\t\t\t\t<img width=\"297\" height=\"300\" src=\"https:\/\/www.latelierraphael.fr\/wp-content\/uploads\/2020\/12\/modelage-com1-e1608209592130-297x300.jpg\" class=\"attachment-medium size-medium\" alt=\"\" loading=\"lazy\" srcset=\"https:\/\/www.latelierraphael.fr\/wp-content\/uploads\/2020\/12\/modelage-com1-e1608209592130-297x300.jpg 297w, https:\/\/www.latelierraphael.fr\/wp-content\/uploads\/2020\/12\/modelage-com1-e1608209592130.jpg 684w\" sizes=\"(max-width: 297px) 100vw, 297px\" \/>\t\t\t\t\t\t\t\t\t\t\t<\/div>\n\t\t\t\t<\/div>\n\t\t\t\t<\/div>\n\t\t\t\t\t\t<\/div>\n\t\t\t\t\t<\/div>\n\t\t<\/div>\n\t\t\t\t\t\t\t\t<\/div>\n\t\t\t\t\t<\/div>\n\t\t<\/section>\n\t\t\t\t\t\t<\/div>\n\t\t\t\t\t\t<\/div>\n\t\t\t\t\t<\/div>\n\t\t","protected":false},"excerpt":{"rendered":"<p>R\u00e9f\u00e9rente p\u00e9dagogique et formatrice principale Catherine Bonneval : art-th\u00e9rapeute, formatrice et superviseur Form\u00e9e il y a une vingtaine d&rsquo;ann\u00e9es par Mich\u00e8le Belliard-Staikovski \u00e0 la m\u00e9thode de peinture th\u00e9rapeutique de Margarethe Hauschka, Catherine a anim\u00e9 durant 15 ans des ateliers hebdomadaires sur Toulouse et sa r\u00e9gion, et propose depuis plusieurs ann\u00e9es des ateliers sur Clermond Ferrand [&hellip;]<\/p>\n","protected":false},"author":1,"featured_media":0,"parent":0,"menu_order":0,"comment_status":"closed","ping_status":"closed","template":"","meta":{"_monsterinsights_skip_tracking":false,"_monsterinsights_sitenote_active":false,"_monsterinsights_sitenote_note":"","_monsterinsights_sitenote_category":0},"yoast_head":"<!-- This site is optimized with the Yoast SEO plugin v15.8 - https:\/\/yoast.com\/wordpress\/plugins\/seo\/ -->\n<title>Les intervenantes - L&#039;Atelier Rapha\u00ebl<\/title>\n<meta name=\"robots\" content=\"index, follow, max-snippet:-1, max-image-preview:large, max-video-preview:-1\" \/>\n<link rel=\"canonical\" href=\"https:\/\/www.latelierraphael.fr\/index.php\/les-intervenants\/\" \/>\n<meta property=\"og:locale\" content=\"fr_FR\" \/>\n<meta property=\"og:type\" content=\"article\" \/>\n<meta property=\"og:title\" content=\"Les intervenantes - L&#039;Atelier Rapha\u00ebl\" \/>\n<meta property=\"og:description\" content=\"R\u00e9f\u00e9rente p\u00e9dagogique et formatrice principale Catherine Bonneval : art-th\u00e9rapeute, formatrice et superviseur Form\u00e9e il y a une vingtaine d&rsquo;ann\u00e9es par Mich\u00e8le Belliard-Staikovski \u00e0 la m\u00e9thode de peinture th\u00e9rapeutique de Margarethe Hauschka, Catherine a anim\u00e9 durant 15 ans des ateliers hebdomadaires sur Toulouse et sa r\u00e9gion, et propose depuis plusieurs ann\u00e9es des ateliers sur Clermond Ferrand [&hellip;]\" \/>\n<meta property=\"og:url\" content=\"https:\/\/www.latelierraphael.fr\/index.php\/les-intervenants\/\" \/>\n<meta property=\"og:site_name\" content=\"L&#039;Atelier Rapha\u00ebl\" \/>\n<meta property=\"article:modified_time\" content=\"2023-05-04T14:59:30+00:00\" \/>\n<meta property=\"og:image\" content=\"https:\/\/www.latelierraphael.fr\/wp-content\/uploads\/2023\/05\/Catherine-Bonneval-222x300.jpg\" \/>\n<meta name=\"twitter:card\" content=\"summary_large_image\" \/>\n<meta name=\"twitter:label1\" content=\"Dur\u00e9e de lecture est.\">\n\t<meta name=\"twitter:data1\" content=\"3 minutes\">\n<script type=\"application\/ld+json\" class=\"yoast-schema-graph\">{\"@context\":\"https:\/\/schema.org\",\"@graph\":[{\"@type\":\"Organization\",\"@id\":\"https:\/\/www.latelierraphael.fr\/#organization\",\"name\":\"L'Atelier Rapha\\u00ebl\",\"url\":\"https:\/\/www.latelierraphael.fr\/\",\"sameAs\":[],\"logo\":{\"@type\":\"ImageObject\",\"@id\":\"https:\/\/www.latelierraphael.fr\/#logo\",\"inLanguage\":\"fr-FR\",\"url\":\"https:\/\/www.latelierraphael.fr\/wp-content\/uploads\/2020\/01\/logo-test-ppt.jpg\",\"width\":1280,\"height\":720,\"caption\":\"L'Atelier Rapha\\u00ebl\"},\"image\":{\"@id\":\"https:\/\/www.latelierraphael.fr\/#logo\"}},{\"@type\":\"WebSite\",\"@id\":\"https:\/\/www.latelierraphael.fr\/#website\",\"url\":\"https:\/\/www.latelierraphael.fr\/\",\"name\":\"L&#039;Atelier Rapha\\u00ebl\",\"description\":\"Formations d&#039;art-th\\u00e9rapie selon la m\\u00e9thode de peinture de Margarethe Hauschka\",\"publisher\":{\"@id\":\"https:\/\/www.latelierraphael.fr\/#organization\"},\"potentialAction\":[{\"@type\":\"SearchAction\",\"target\":\"https:\/\/www.latelierraphael.fr\/?s={search_term_string}\",\"query-input\":\"required name=search_term_string\"}],\"inLanguage\":\"fr-FR\"},{\"@type\":\"ImageObject\",\"@id\":\"https:\/\/www.latelierraphael.fr\/index.php\/les-intervenants\/#primaryimage\",\"inLanguage\":\"fr-FR\",\"url\":\"https:\/\/www.latelierraphael.fr\/wp-content\/uploads\/2023\/05\/Catherine-Bonneval.jpg\",\"width\":784,\"height\":1059},{\"@type\":\"WebPage\",\"@id\":\"https:\/\/www.latelierraphael.fr\/index.php\/les-intervenants\/#webpage\",\"url\":\"https:\/\/www.latelierraphael.fr\/index.php\/les-intervenants\/\",\"name\":\"Les intervenantes - L&#039;Atelier Rapha\\u00ebl\",\"isPartOf\":{\"@id\":\"https:\/\/www.latelierraphael.fr\/#website\"},\"primaryImageOfPage\":{\"@id\":\"https:\/\/www.latelierraphael.fr\/index.php\/les-intervenants\/#primaryimage\"},\"datePublished\":\"2020-01-15T21:07:35+00:00\",\"dateModified\":\"2023-05-04T14:59:30+00:00\",\"breadcrumb\":{\"@id\":\"https:\/\/www.latelierraphael.fr\/index.php\/les-intervenants\/#breadcrumb\"},\"inLanguage\":\"fr-FR\",\"potentialAction\":[{\"@type\":\"ReadAction\",\"target\":[\"https:\/\/www.latelierraphael.fr\/index.php\/les-intervenants\/\"]}]},{\"@type\":\"BreadcrumbList\",\"@id\":\"https:\/\/www.latelierraphael.fr\/index.php\/les-intervenants\/#breadcrumb\",\"itemListElement\":[{\"@type\":\"ListItem\",\"position\":1,\"item\":{\"@type\":\"WebPage\",\"@id\":\"https:\/\/www.latelierraphael.fr\/\",\"url\":\"https:\/\/www.latelierraphael.fr\/\",\"name\":\"Accueil\"}},{\"@type\":\"ListItem\",\"position\":2,\"item\":{\"@type\":\"WebPage\",\"@id\":\"https:\/\/www.latelierraphael.fr\/index.php\/les-intervenants\/\",\"url\":\"https:\/\/www.latelierraphael.fr\/index.php\/les-intervenants\/\",\"name\":\"Les intervenantes\"}}]}]}<\/script>\n<!-- \/ Yoast SEO plugin. -->","_links":{"self":[{"href":"https:\/\/www.latelierraphael.fr\/index.php\/wp-json\/wp\/v2\/pages\/1532"}],"collection":[{"href":"https:\/\/www.latelierraphael.fr\/index.php\/wp-json\/wp\/v2\/pages"}],"about":[{"href":"https:\/\/www.latelierraphael.fr\/index.php\/wp-json\/wp\/v2\/types\/page"}],"author":[{"embeddable":true,"href":"https:\/\/www.latelierraphael.fr\/index.php\/wp-json\/wp\/v2\/users\/1"}],"replies":[{"embeddable":true,"href":"https:\/\/www.latelierraphael.fr\/index.php\/wp-json\/wp\/v2\/comments?post=1532"}],"version-history":[{"count":44,"href":"https:\/\/www.latelierraphael.fr\/index.php\/wp-json\/wp\/v2\/pages\/1532\/revisions"}],"predecessor-version":[{"id":3041,"href":"https:\/\/www.latelierraphael.fr\/index.php\/wp-json\/wp\/v2\/pages\/1532\/revisions\/3041"}],"wp:attachment":[{"href":"https:\/\/www.latelierraphael.fr\/index.php\/wp-json\/wp\/v2\/media?parent=1532"}],"curies":[{"name":"wp","href":"https:\/\/api.w.org\/{rel}","templated":true}]}}